{"id":203,"date":"2025-06-30T03:01:55","date_gmt":"2025-06-30T01:01:55","guid":{"rendered":"https:\/\/selfcarehomedecor.com\/?page_id=203"},"modified":"2025-09-03T10:35:13","modified_gmt":"2025-09-03T08:35:13","slug":"sobre-nosotros","status":"publish","type":"page","link":"https:\/\/selfcarehomedecor.com\/ca\/sobre-nosotros\/","title":{"rendered":"Sobre nosaltres"},"content":{"rendered":"<div data-elementor-type=\"wp-page\" data-elementor-id=\"203\" class=\"elementor elementor-203\" data-elementor-post-type=\"page\">\n\t\t\t\t<div class=\"elementor-element elementor-element-dbcc254 e-flex e-con-boxed e-con e-parent\" data-id=\"dbcc254\" data-element_type=\"container\" data-e-type=\"container\" data-settings=\"{&quot;background_background&quot;:&quot;classic&quot;}\">\n\t\t\t\t\t<div class=\"e-con-inner\">\n\t\t<div class=\"elementor-element elementor-element-727b266 e-con-full e-flex e-con e-child\" data-id=\"727b266\" data-element_type=\"container\" data-e-type=\"container\">\n\t\t\t\t<div class=\"elementor-element elementor-element-10c357e elementor-invisible elementor-widget elementor-widget-heading\" data-id=\"10c357e\" data-element_type=\"widget\" data-e-type=\"widget\" data-settings=\"{&quot;_animation&quot;:&quot;fadeInLeft&quot;}\" data-widget_type=\"heading.default\">\n\t\t\t\t<div class=\"elementor-widget-container\">\n\t\t\t\t\t<h1 class=\"elementor-heading-title elementor-size-default\">Qui som a Selfcare Home Decor, decoraci\u00f3 sostenible per a la teva llar<\/h1>\t\t\t\t<\/div>\n\t\t\t\t<\/div>\n\t\t\t\t<div class=\"elementor-element elementor-element-8ab7474 elementor-invisible elementor-widget elementor-widget-woocommerce-breadcrumb\" data-id=\"8ab7474\" data-element_type=\"widget\" data-e-type=\"widget\" data-settings=\"{&quot;_animation&quot;:&quot;fadeInLeft&quot;,&quot;_animation_delay&quot;:100}\" data-widget_type=\"woocommerce-breadcrumb.default\">\n\t\t\t\t<div class=\"elementor-widget-container\">\n\t\t\t\t\t<nav class=\"woocommerce-breadcrumb\" aria-label=\"Breadcrumb\" data-no-translation=\"\" data-trp-gettext=\"\">Inici<\/nav>\t\t\t\t<\/div>\n\t\t\t\t<\/div>\n\t\t\t\t<\/div>\n\t\t\t\t\t<\/div>\n\t\t\t\t<\/div>\n\t\t<div class=\"elementor-element elementor-element-27265d4 e-flex e-con-boxed e-con e-parent\" data-id=\"27265d4\" data-element_type=\"container\" data-e-type=\"container\" data-settings=\"{&quot;background_background&quot;:&quot;classic&quot;}\">\n\t\t\t\t\t<div class=\"e-con-inner\">\n\t\t<div class=\"elementor-element elementor-element-256e87d e-con-full e-flex e-con e-child\" data-id=\"256e87d\" data-element_type=\"container\" data-e-type=\"container\" data-settings=\"{&quot;background_background&quot;:&quot;classic&quot;}\">\n\t\t\t\t<\/div>\n\t\t<div class=\"elementor-element elementor-element-21671af e-con-full e-flex e-con e-child\" data-id=\"21671af\" data-element_type=\"container\" data-e-type=\"container\">\n\t\t\t\t<div class=\"elementor-element elementor-element-382c88c elementor-invisible elementor-widget elementor-widget-heading\" data-id=\"382c88c\" data-element_type=\"widget\" data-e-type=\"widget\" data-settings=\"{&quot;_animation&quot;:&quot;fadeInUp&quot;}\" data-widget_type=\"heading.default\">\n\t\t\t\t<div class=\"elementor-widget-container\">\n\t\t\t\t\t<h6 class=\"elementor-heading-title elementor-size-default\">Sobre nosaltres<\/h6>\t\t\t\t<\/div>\n\t\t\t\t<\/div>\n\t\t\t\t<div class=\"elementor-element elementor-element-729166d elementor-invisible elementor-widget elementor-widget-heading\" data-id=\"729166d\" data-element_type=\"widget\" data-e-type=\"widget\" data-settings=\"{&quot;_animation&quot;:&quot;fadeInRight&quot;}\" data-widget_type=\"heading.default\">\n\t\t\t\t<div class=\"elementor-widget-container\">\n\t\t\t\t\t<h2 class=\"elementor-heading-title elementor-size-default\">Comprom\u00eds amb la sostenibilitat i el disseny responsable\n\n\n<\/h2>\t\t\t\t<\/div>\n\t\t\t\t<\/div>\n\t\t\t\t<div class=\"elementor-element elementor-element-7989086 elementor-invisible elementor-widget elementor-widget-text-editor\" data-id=\"7989086\" data-element_type=\"widget\" data-e-type=\"widget\" data-settings=\"{&quot;_animation&quot;:&quot;fadeInRight&quot;,&quot;_animation_delay&quot;:240}\" data-widget_type=\"text-editor.default\">\n\t\t\t\t<div class=\"elementor-widget-container\">\n\t\t\t\t\t\t\t\t\t<p>Selfcare Home Decor neix de la passi\u00f3 pel disseny de la llar i la responsabilitat mediambiental. Creiem que \u00e9s possible crear espais acollidors i est\u00e8ticament agradables utilitzant productes que no facin malb\u00e9 el planeta. Som un equip de persones compromeses amb la sostenibilitat que aposta per materials biodegradables, processos artesanals i un enfocament \u00e8tic a cada detall.\u00a0<\/p><p>El self care \u00e9s el comprom\u00eds de cuidar-se un mateix de manera conscient, prenent mesures per mantenir i millorar la salut i el benestar f\u00edsic, mental, emocional i espiritual.<\/p><p>L&#039;autocura nodreix el cos, la ment i l&#039;esperit i els seus beneficis es reflecteixen en la qualitat de vida, per la qual cosa \u00e9s un pilar fonamental sobre el qual es construeixen les bases per a una vida plena, sana, feli\u00e7 i equilibrada.<\/p><p>Per aix\u00f2 Self Care Home Decor neix d&#039;una situaci\u00f3 personal on durant una \u00e8poca de la meva vida el dia a dia va ser molt dif\u00edcil i ca\u00f2tic, i l&#039;autocura va ser i \u00e9s un fonament vital per a la superaci\u00f3 i l&#039;\u00e8xit en totes les facetes.<\/p>\t\t\t\t\t\t\t\t<\/div>\n\t\t\t\t<\/div>\n\t\t\t\t<\/div>\n\t\t\t\t\t<\/div>\n\t\t\t\t<\/div>\n\t\t<div class=\"elementor-element elementor-element-207ead1 e-flex e-con-boxed e-con e-parent\" data-id=\"207ead1\" data-element_type=\"container\" data-e-type=\"container\" data-settings=\"{&quot;background_background&quot;:&quot;classic&quot;}\">\n\t\t\t\t\t<div class=\"e-con-inner\">\n\t\t<div class=\"elementor-element elementor-element-1614b7b e-con-full e-flex e-con e-child\" data-id=\"1614b7b\" data-element_type=\"container\" data-e-type=\"container\">\n\t\t\t\t<div class=\"elementor-element elementor-element-a764080 elementor-invisible elementor-widget elementor-widget-image\" data-id=\"a764080\" data-element_type=\"widget\" data-e-type=\"widget\" data-settings=\"{&quot;_animation&quot;:&quot;fadeInLeft&quot;}\" data-widget_type=\"image.default\">\n\t\t\t\t<div class=\"elementor-widget-container\">\n\t\t\t\t\t\t\t\t\t\t\t\t\t\t\t<img fetchpriority=\"high\" decoding=\"async\" width=\"1536\" height=\"1024\" src=\"https:\/\/selfcarehomedecor.com\/wp-content\/uploads\/2025\/08\/Decoracion-calida-y-serena.png\" class=\"attachment-full size-full wp-image-1692\" alt=\"\" srcset=\"https:\/\/selfcarehomedecor.com\/wp-content\/uploads\/2025\/08\/Decoracion-calida-y-serena.png 1536w, https:\/\/selfcarehomedecor.com\/wp-content\/uploads\/2025\/08\/Decoracion-calida-y-serena-300x200.png 300w, https:\/\/selfcarehomedecor.com\/wp-content\/uploads\/2025\/08\/Decoracion-calida-y-serena-1024x683.png 1024w, https:\/\/selfcarehomedecor.com\/wp-content\/uploads\/2025\/08\/Decoracion-calida-y-serena-768x512.png 768w, https:\/\/selfcarehomedecor.com\/wp-content\/uploads\/2025\/08\/Decoracion-calida-y-serena-600x400.png 600w\" sizes=\"(max-width: 1536px) 100vw, 1536px\" \/>\t\t\t\t\t\t\t\t\t\t\t\t\t\t\t<\/div>\n\t\t\t\t<\/div>\n\t\t\t\t<\/div>\n\t\t<div class=\"elementor-element elementor-element-49ee50f e-con-full e-flex e-con e-child\" data-id=\"49ee50f\" data-element_type=\"container\" data-e-type=\"container\">\n\t\t\t\t<div class=\"elementor-element elementor-element-69dc1c4 elementor-invisible elementor-widget elementor-widget-heading\" data-id=\"69dc1c4\" data-element_type=\"widget\" data-e-type=\"widget\" data-settings=\"{&quot;_animation&quot;:&quot;fadeInRight&quot;}\" data-widget_type=\"heading.default\">\n\t\t\t\t<div class=\"elementor-widget-container\">\n\t\t\t\t\t<h2 class=\"elementor-heading-title elementor-size-default\">Hist\u00f2ria, filosofia i valors diferencials de Selfcare Home Decor\n\n\n\n<\/h2>\t\t\t\t<\/div>\n\t\t\t\t<\/div>\n\t\t\t\t<div class=\"elementor-element elementor-element-44c04a5 elementor-invisible elementor-widget elementor-widget-text-editor\" data-id=\"44c04a5\" data-element_type=\"widget\" data-e-type=\"widget\" data-settings=\"{&quot;_animation&quot;:&quot;fadeInRight&quot;,&quot;_animation_delay&quot;:240}\" data-widget_type=\"text-editor.default\">\n\t\t\t\t<div class=\"elementor-widget-container\">\n\t\t\t\t\t\t\t\t\t<p>La nostra hist\u00f2ria comen\u00e7a amb la inquietud personal d&#039;oferir alternatives reals als productes de decoraci\u00f3 convencionals que solen estar fabricats en s\u00e8rie i amb materials poc sostenibles. <br \/>El nostre valor diferencial m\u00e9s gran rau en el control de la tra\u00e7abilitat de cada producte, la transpar\u00e8ncia en els processos i la comunicaci\u00f3 honesta sobre l&#039;origen de tots els materials. Ens defineix:<\/p>\t\t\t\t\t\t\t\t<\/div>\n\t\t\t\t<\/div>\n\t\t\t\t<div class=\"elementor-element elementor-element-df80ae4 elementor-icon-list--layout-traditional elementor-list-item-link-full_width elementor-widget elementor-widget-icon-list\" data-id=\"df80ae4\" data-element_type=\"widget\" data-e-type=\"widget\" data-widget_type=\"icon-list.default\">\n\t\t\t\t<div class=\"elementor-widget-container\">\n\t\t\t\t\t\t\t<ul class=\"elementor-icon-list-items\">\n\t\t\t\t\t\t\t<li class=\"elementor-icon-list-item\">\n\t\t\t\t\t\t\t\t\t\t\t<span class=\"elementor-icon-list-icon\">\n\t\t\t\t\t\t\t<i aria-hidden=\"true\" class=\"icon icon-checkmark-circle\"><\/i>\t\t\t\t\t\t<\/span>\n\t\t\t\t\t\t\t\t\t\t<span class=\"elementor-icon-list-text\">Elecci\u00f3 priorit\u00e0ria de mat\u00e8ries primeres ecol\u00f2giques i biodegradables<\/span>\n\t\t\t\t\t\t\t\t\t<\/li>\n\t\t\t\t\t\t\t\t<li class=\"elementor-icon-list-item\">\n\t\t\t\t\t\t\t\t\t\t\t<span class=\"elementor-icon-list-icon\">\n\t\t\t\t\t\t\t<i aria-hidden=\"true\" class=\"icon icon-checkmark-circle\"><\/i>\t\t\t\t\t\t<\/span>\n\t\t\t\t\t\t\t\t\t\t<span class=\"elementor-icon-list-text\">Eliminaci\u00f3 completa d&#039;embalatges i components pl\u00e0stics innecessaris<\/span>\n\t\t\t\t\t\t\t\t\t<\/li>\n\t\t\t\t\t\t\t\t<li class=\"elementor-icon-list-item\">\n\t\t\t\t\t\t\t\t\t\t\t<span class=\"elementor-icon-list-icon\">\n\t\t\t\t\t\t\t<i aria-hidden=\"true\" class=\"icon icon-checkmark-circle\"><\/i>\t\t\t\t\t\t<\/span>\n\t\t\t\t\t\t\t\t\t\t<span class=\"elementor-icon-list-text\">Disseny atemporal, allunyant-nos de modes passatgeres per assegurar productes duradors<\/span>\n\t\t\t\t\t\t\t\t\t<\/li>\n\t\t\t\t\t\t\t\t<li class=\"elementor-icon-list-item\">\n\t\t\t\t\t\t\t\t\t\t\t<span class=\"elementor-icon-list-icon\">\n\t\t\t\t\t\t\t<i aria-hidden=\"true\" class=\"icon icon-checkmark-circle\"><\/i>\t\t\t\t\t\t<\/span>\n\t\t\t\t\t\t\t\t\t\t<span class=\"elementor-icon-list-text\">Comprom\u00eds amb l\u00b4economia local i els tallers d\u00b4artesans<\/span>\n\t\t\t\t\t\t\t\t\t<\/li>\n\t\t\t\t\t\t<\/ul>\n\t\t\t\t\t\t<\/div>\n\t\t\t\t<\/div>\n\t\t\t\t<\/div>\n\t\t\t\t\t<\/div>\n\t\t\t\t<\/div>\n\t\t<div class=\"elementor-element elementor-element-744718b e-flex e-con-boxed e-con e-parent\" data-id=\"744718b\" data-element_type=\"container\" data-e-type=\"container\" data-settings=\"{&quot;background_background&quot;:&quot;classic&quot;}\">\n\t\t\t\t\t<div class=\"e-con-inner\">\n\t\t<div class=\"elementor-element elementor-element-dcad42c e-con-full e-flex elementor-invisible e-con e-child\" data-id=\"dcad42c\" data-element_type=\"container\" data-e-type=\"container\" data-settings=\"{&quot;animation&quot;:&quot;bounceInRight&quot;}\">\n\t\t\t\t<div class=\"elementor-element elementor-element-4f3c35c elementor-widget__width-initial elementor-invisible elementor-widget elementor-widget-heading\" data-id=\"4f3c35c\" data-element_type=\"widget\" data-e-type=\"widget\" data-settings=\"{&quot;_animation&quot;:&quot;fadeInRight&quot;}\" data-widget_type=\"heading.default\">\n\t\t\t\t<div class=\"elementor-widget-container\">\n\t\t\t\t\t<h2 class=\"elementor-heading-title elementor-size-default\">Que trobaran a SELFCARE\n\n<\/h2>\t\t\t\t<\/div>\n\t\t\t\t<\/div>\n\t\t\t\t<div class=\"elementor-element elementor-element-a17ef46 elementor-widget elementor-widget-text-editor\" data-id=\"a17ef46\" data-element_type=\"widget\" data-e-type=\"widget\" data-widget_type=\"text-editor.default\">\n\t\t\t\t<div class=\"elementor-widget-container\">\n\t\t\t\t\t\t\t\t\t<p data-start=\"125\" data-end=\"534\">A la nostra botiga trobar\u00e0s espelmes i decoraci\u00f3 amb disseny minimalista i estil mediterrani, pensades per aportar calidesa, bellesa i sofisticaci\u00f3 a casa teva.<br data-start=\"286\" data-end=\"289\" \/>Fabriquem de manera artesanal, una a una, utilitzant cera de soja 100% natural, aromes lliures de t\u00f2xics i recipients de resina ecol\u00f2gica. Apostem per la sostenibilitat a cada detall, des dels materials fins a l&#039;embalatge sense pl\u00e0stics.<\/p><p data-start=\"536\" data-end=\"795\">Les nostres espelmes no nom\u00e9s embelleixen els espais, tamb\u00e9 relaxen, milloren l&#039;estat d&#039;\u00e0nim i perfumen de manera segura. Cada pe\u00e7a est\u00e0 feta amb cura i amb la filosofia d&#039;aturar el temps, valorar-ne els detalls i convertir-se en part del teu refugi de pau.<\/p>\t\t\t\t\t\t\t\t<\/div>\n\t\t\t\t<\/div>\n\t\t\t\t<\/div>\n\t\t\t\t\t<\/div>\n\t\t\t\t<\/div>\n\t\t\t\t<\/div>","protected":false},"excerpt":{"rendered":"<p>Qui\u00e9nes somos en Selfcare Home Decor, decoraci\u00f3n sostenible para tu hogar Sobre nosotros Compromiso con la sostenibilidad y el dise\u00f1o responsable Selfcare Home Decor nace de la pasi\u00f3n por el dise\u00f1o del hogar y la responsabilidad medioambiental. Creemos que es posible crear espacios acogedores y est\u00e9ticamente agradables utilizando productos que no da\u00f1en el planeta. Somos [&hellip;]<\/p>\n","protected":false},"author":1,"featured_media":0,"parent":0,"menu_order":0,"comment_status":"closed","ping_status":"closed","template":"","meta":{"footnotes":""},"class_list":["post-203","page","type-page","status-publish","hentry"],"_links":{"self":[{"href":"https:\/\/selfcarehomedecor.com\/ca\/wp-json\/wp\/v2\/pages\/203","targetHints":{"allow":["GET"]}}],"collection":[{"href":"https:\/\/selfcarehomedecor.com\/ca\/wp-json\/wp\/v2\/pages"}],"about":[{"href":"https:\/\/selfcarehomedecor.com\/ca\/wp-json\/wp\/v2\/types\/page"}],"author":[{"embeddable":true,"href":"https:\/\/selfcarehomedecor.com\/ca\/wp-json\/wp\/v2\/users\/1"}],"replies":[{"embeddable":true,"href":"https:\/\/selfcarehomedecor.com\/ca\/wp-json\/wp\/v2\/comments?post=203"}],"version-history":[{"count":109,"href":"https:\/\/selfcarehomedecor.com\/ca\/wp-json\/wp\/v2\/pages\/203\/revisions"}],"predecessor-version":[{"id":1979,"href":"https:\/\/selfcarehomedecor.com\/ca\/wp-json\/wp\/v2\/pages\/203\/revisions\/1979"}],"wp:attachment":[{"href":"https:\/\/selfcarehomedecor.com\/ca\/wp-json\/wp\/v2\/media?parent=203"}],"curies":[{"name":"wp","href":"https:\/\/api.w.org\/{rel}","templated":true}]}}