{"id":672,"date":"2025-07-01T21:09:06","date_gmt":"2025-07-01T19:09:06","guid":{"rendered":"https:\/\/selfcarehomedecor.com\/?page_id=672"},"modified":"2025-08-27T12:38:09","modified_gmt":"2025-08-27T10:38:09","slug":"velas-de-te","status":"publish","type":"page","link":"https:\/\/selfcarehomedecor.com\/ca\/productos\/velas\/velas-de-te\/","title":{"rendered":"Espelmes de te"},"content":{"rendered":"\t\t<div data-elementor-type=\"wp-page\" data-elementor-id=\"672\" class=\"elementor elementor-672\" data-elementor-post-type=\"page\">\n\t\t\t\t<div class=\"elementor-element elementor-element-b24f728 e-flex e-con-boxed e-con e-parent\" data-id=\"b24f728\" data-element_type=\"container\" data-e-type=\"container\" data-settings=\"{&quot;background_background&quot;:&quot;classic&quot;}\">\n\t\t\t\t\t<div class=\"e-con-inner\">\n\t\t<div class=\"elementor-element elementor-element-44a0b84 e-con-full e-flex e-con e-child\" data-id=\"44a0b84\" data-element_type=\"container\" data-e-type=\"container\">\n\t\t\t\t<div class=\"elementor-element elementor-element-2c6a2db elementor-invisible elementor-widget elementor-widget-heading\" data-id=\"2c6a2db\" data-element_type=\"widget\" data-e-type=\"widget\" data-settings=\"{&quot;_animation&quot;:&quot;fadeInLeft&quot;}\" data-widget_type=\"heading.default\">\n\t\t\t\t<div class=\"elementor-widget-container\">\n\t\t\t\t\t<h1 class=\"elementor-heading-title elementor-size-default\">Velas de t\u00e9<\/h1>\t\t\t\t<\/div>\n\t\t\t\t<\/div>\n\t\t\t\t<div class=\"elementor-element elementor-element-794b45f elementor-invisible elementor-widget elementor-widget-woocommerce-breadcrumb\" data-id=\"794b45f\" data-element_type=\"widget\" data-e-type=\"widget\" data-settings=\"{&quot;_animation&quot;:&quot;fadeInLeft&quot;,&quot;_animation_delay&quot;:100}\" data-widget_type=\"woocommerce-breadcrumb.default\">\n\t\t\t\t<div class=\"elementor-widget-container\">\n\t\t\t\t\t<nav class=\"woocommerce-breadcrumb\" aria-label=\"Breadcrumb\">Inici<\/nav>\t\t\t\t<\/div>\n\t\t\t\t<\/div>\n\t\t\t\t<\/div>\n\t\t\t\t\t<\/div>\n\t\t\t\t<\/div>\n\t\t<div class=\"elementor-element elementor-element-5de9a26 e-flex e-con-boxed e-con e-parent\" data-id=\"5de9a26\" data-element_type=\"container\" data-e-type=\"container\" data-settings=\"{&quot;background_background&quot;:&quot;classic&quot;}\">\n\t\t\t\t\t<div class=\"e-con-inner\">\n\t\t\t\t<div class=\"elementor-element elementor-element-3c619e3 elementor-invisible elementor-widget elementor-widget-heading\" data-id=\"3c619e3\" data-element_type=\"widget\" data-e-type=\"widget\" data-settings=\"{&quot;_animation&quot;:&quot;fadeInRight&quot;}\" data-widget_type=\"heading.default\">\n\t\t\t\t<div class=\"elementor-widget-container\">\n\t\t\t\t\t<h2 class=\"elementor-heading-title elementor-size-default\">Velas de t\u00e9 sostenibles para iluminar tu hogar\n\n<\/h2>\t\t\t\t<\/div>\n\t\t\t\t<\/div>\n\t\t\t\t<div class=\"elementor-element elementor-element-ab4f019 elementor-invisible elementor-widget elementor-widget-text-editor\" data-id=\"ab4f019\" data-element_type=\"widget\" data-e-type=\"widget\" data-settings=\"{&quot;_animation&quot;:&quot;fadeInRight&quot;,&quot;_animation_delay&quot;:240}\" data-widget_type=\"text-editor.default\">\n\t\t\t\t<div class=\"elementor-widget-container\">\n\t\t\t\t\t\t\t\t\t<p data-start=\"361\" data-end=\"700\">Nuestras <strong data-start=\"370\" data-end=\"396\">velas de t\u00e9 ecol\u00f3gicas<\/strong> son el complemento perfecto para crear ambientes c\u00e1lidos y acogedores en tu hogar. Elaboradas con <strong data-start=\"495\" data-end=\"524\">ceras vegetal de soja<\/strong>, mechas de algod\u00f3n org\u00e1nico y envases reciclables o biodegradables, ofrecen una alternativa responsable y respetuosa con el medio ambiente frente a las velas convencionales.<\/p><p data-start=\"702\" data-end=\"1043\">Cada pieza est\u00e1 hecha de manera artesanal, garantizando una <strong data-start=\"762\" data-end=\"794\">combusti\u00f3n limpia y uniforme<\/strong> sin liberar qu\u00edmicos t\u00f3xicos ni humo da\u00f1ino. Disponibles en diferentes fragancias naturales, son ideales para acompa\u00f1ar cenas \u00edntimas, momentos de relajaci\u00f3n, sesiones de meditaci\u00f3n o simplemente decorar con un toque de luz sostenible.<\/p>\t\t\t\t\t\t\t\t<\/div>\n\t\t\t\t<\/div>\n\t\t\t\t<div class=\"woocommerce elementor-element elementor-element-7948ebd elementor-grid-3 elementor-grid-tablet-2 elementor-grid-mobile-1 elementor-widget elementor-widget-loop-grid\" data-id=\"7948ebd\" data-element_type=\"widget\" data-e-type=\"widget\" data-settings=\"{&quot;_skin&quot;:&quot;product&quot;,&quot;template_id&quot;:&quot;545&quot;,&quot;columns&quot;:3,&quot;pagination_type&quot;:&quot;load_more_on_click&quot;,&quot;columns_tablet&quot;:&quot;2&quot;,&quot;columns_mobile&quot;:&quot;1&quot;,&quot;edit_handle_selector&quot;:&quot;[data-elementor-type=\\&quot;loop-item\\&quot;]&quot;,&quot;load_more_spinner&quot;:{&quot;value&quot;:&quot;fas fa-spinner&quot;,&quot;library&quot;:&quot;fa-solid&quot;},&quot;row_gap&quot;:{&quot;unit&quot;:&quot;px&quot;,&quot;size&quot;:&quot;&quot;,&quot;sizes&quot;:[]},&quot;row_gap_tablet&quot;:{&quot;unit&quot;:&quot;px&quot;,&quot;size&quot;:&quot;&quot;,&quot;sizes&quot;:[]},&quot;row_gap_mobile&quot;:{&quot;unit&quot;:&quot;px&quot;,&quot;size&quot;:&quot;&quot;,&quot;sizes&quot;:[]}}\" data-widget_type=\"loop-grid.product\">\n\t\t\t\t<div class=\"elementor-widget-container\">\n\t\t\t\t\t\t\t<div class=\"elementor-loop-container elementor-grid\" role=\"list\">\r\n\t\t<style id=\"loop-545\">.elementor-545 .elementor-element.elementor-element-195a27f{--display:flex;--flex-direction:column;--container-widget-width:calc( ( 1 - var( --container-widget-flex-grow ) ) * 100% );--container-widget-height:initial;--container-widget-flex-grow:0;--container-widget-align-self:initial;--flex-wrap-mobile:wrap;--align-items:center;--padding-top:0px;--padding-bottom:30px;--padding-left:0px;--padding-right:0px;}.woocommerce .elementor-545 .elementor-element.elementor-element-595c200 .star-rating{color:#FFF900;}.elementor-545 .elementor-element.elementor-element-8ac0c39{text-align:center;}.elementor-545 .elementor-element.elementor-element-8ac0c39 .elementor-heading-title{font-family:\"Jost\", Sans-serif;font-size:18px;font-weight:400;text-transform:none;font-style:normal;line-height:1.4em;}.elementor-545 .elementor-element.elementor-element-8ac0c39 > .elementor-widget-container{padding:0px 20px 0px 20px;}.elementor-545 .elementor-element.elementor-element-bdb75eb{text-align:center;}.woocommerce .elementor-545 .elementor-element.elementor-element-bdb75eb .price{color:var( --e-global-color-d49ac81 );font-size:22px;font-weight:500;}.woocommerce .elementor-545 .elementor-element.elementor-element-bdb75eb .price ins{color:var( --e-global-color-d49ac81 );font-size:22px;font-weight:500;}.elementor-545 .elementor-element.elementor-element-bdb75eb > .elementor-widget-container{padding:0px 20px 0px 20px;}.elementor-545 .elementor-element.elementor-element-8e5390c .elementor-button{text-transform:uppercase;padding:15px 30px 15px 30px;}.elementor-545 .elementor-element.elementor-element-8e5390c > .elementor-widget-container{padding:0px 20px 0px 20px;}@media(max-width:1024px){.elementor-545 .elementor-element.elementor-element-8ac0c39 .elementor-heading-title{font-size:23.44px;}}@media(max-width:767px){.elementor-545 .elementor-element.elementor-element-8ac0c39 .elementor-heading-title{font-size:18.72px;}}<\/style>\t\t<div data-elementor-type=\"loop-item\" data-elementor-id=\"545\" class=\"elementor elementor-545 e-loop-item e-loop-item-257 post-257 product type-product status-publish has-post-thumbnail product_cat-velas product_cat-velas-de-te product_tag-velas first instock shipping-taxable purchasable product-type-variable\" data-elementor-post-type=\"elementor_library\" data-custom-edit-handle=\"1\">\r\n\t\t\t<div class=\"elementor-element elementor-element-195a27f e-flex e-con-boxed e-con e-parent\" data-id=\"195a27f\" data-element_type=\"container\" data-e-type=\"container\">\n\t\t\t\t\t<div class=\"e-con-inner\">\n\t\t\t\t<div class=\"elementor-element elementor-element-7bbfc29 elementor-widget elementor-widget-theme-post-featured-image elementor-widget-image\" data-id=\"7bbfc29\" data-element_type=\"widget\" data-e-type=\"widget\" data-widget_type=\"theme-post-featured-image.default\">\n\t\t\t\t<div class=\"elementor-widget-container\">\n\t\t\t\t\t\t\t\t\t\t\t\t\t\t\t\t<a href=\"https:\/\/selfcarehomedecor.com\/ca\/producte\/vela-de-te\/\">\n\t\t\t\t\t\t\t<img decoding=\"async\" src=\"https:\/\/selfcarehomedecor.com\/wp-content\/uploads\/elementor\/thumbs\/9937-rckfj7l26aqptkwmg0pud0rj2cqyrit9604158nz3k.webp\" title=\"9937\" alt=\"9937\" loading=\"lazy\" \/>\t\t\t\t\t\t\t\t<\/a>\n\t\t\t\t\t\t\t\t\t\t\t\t\t\t\t<\/div>\n\t\t\t\t<\/div>\n\t\t\t\t<div class=\"elementor-element elementor-element-595c200 elementor-widget elementor-widget-woocommerce-product-rating\" data-id=\"595c200\" data-element_type=\"widget\" data-e-type=\"widget\" data-widget_type=\"woocommerce-product-rating.default\">\n\t\t\t\t<div class=\"elementor-widget-container\">\n\t\t\t\t\t\n\t<div class=\"woocommerce-product-rating\">\n\t\t<div class=\"star-rating\" role=\"img\" aria-label=\"Puntuat amb 5.00 de 5\"><span style=\"width:100%\">Valorat <strong class=\"rating\">5.00<\/strong> sobre 5 en funci\u00f3 d'<span class=\"rating\">1<\/span> valoraci\u00f3 de client<\/span><\/div>\t\t\t\t\t\t\t\t<a href=\"#reviews\" class=\"woocommerce-review-link\" rel=\"nofollow\">(<span class=\"count\">1<\/span> ressenya de client)<\/a>\n\t\t\t\t\t\t<\/div>\n\n\t\t\t\t<\/div>\n\t\t\t\t<\/div>\n\t\t\t\t<div class=\"elementor-element elementor-element-8ac0c39 elementor-widget elementor-widget-woocommerce-product-title elementor-page-title elementor-widget-heading\" data-id=\"8ac0c39\" data-element_type=\"widget\" data-e-type=\"widget\" data-widget_type=\"woocommerce-product-title.default\">\n\t\t\t\t<div class=\"elementor-widget-container\">\n\t\t\t\t\t<h1 class=\"product_title entry-title elementor-heading-title elementor-size-default\"><a href=\"https:\/\/selfcarehomedecor.com\/ca\/producte\/vela-de-te\/\">Vela de t\u00e9<\/a><\/h1>\t\t\t\t<\/div>\n\t\t\t\t<\/div>\n\t\t\t\t<div class=\"elementor-element elementor-element-bdb75eb elementor-widget elementor-widget-woocommerce-product-price\" data-id=\"bdb75eb\" data-element_type=\"widget\" data-e-type=\"widget\" data-widget_type=\"woocommerce-product-price.default\">\n\t\t\t\t<div class=\"elementor-widget-container\">\n\t\t\t\t\t<p class=\"price\"><span class=\"woocommerce-Price-amount amount\" aria-hidden=\"true\"><bdi>11,40&nbsp;<span class=\"woocommerce-Price-currencySymbol\">&euro;<\/span><\/bdi><\/span> <span aria-hidden=\"true\">\u2013<\/span> <span class=\"woocommerce-Price-amount amount\" aria-hidden=\"true\"><bdi>30,00&nbsp;<span class=\"woocommerce-Price-currencySymbol\">&euro;<\/span><\/bdi><\/span><span class=\"screen-reader-text\">Interval de preus: 11,40&nbsp;&euro; a 30,00&nbsp;&euro;<\/span><\/p>\n\t\t\t\t<\/div>\n\t\t\t\t<\/div>\n\t\t\t\t<div class=\"elementor-element elementor-element-8e5390c elementor-align-center elementor-widget elementor-widget-button\" data-id=\"8e5390c\" data-element_type=\"widget\" data-e-type=\"widget\" data-widget_type=\"button.default\">\n\t\t\t\t<div class=\"elementor-widget-container\">\n\t\t\t\t\t\t\t\t\t<div class=\"elementor-button-wrapper\">\n\t\t\t\t\t<a class=\"elementor-button elementor-button-link elementor-size-sm\" href=\"https:\/\/selfcarehomedecor.com\/ca\/producte\/vela-de-te\/\">\n\t\t\t\t\t\t<span class=\"elementor-button-content-wrapper\">\n\t\t\t\t\t\t\t\t\t<span class=\"elementor-button-text\">Comprar<\/span>\n\t\t\t\t\t<\/span>\n\t\t\t\t\t<\/a>\n\t\t\t\t<\/div>\n\t\t\t\t\t\t\t\t<\/div>\n\t\t\t\t<\/div>\n\t\t\t\t\t<\/div>\n\t\t\t\t<\/div>\n\t\t\t\t<\/div>\r\n\t\t\t\t<\/div>\r\n\t\t\t\t\t<span class=\"e-load-more-spinner\">\r\n\t\t\t\t<svg aria-hidden=\"true\" class=\"e-font-icon-svg e-fas-spinner\" viewBox=\"0 0 512 512\" xmlns=\"http:\/\/www.w3.org\/2000\/svg\"><path d=\"M304 48c0 26.51-21.49 48-48 48s-48-21.49-48-48 21.49-48 48-48 48 21.49 48 48zm-48 368c-26.51 0-48 21.49-48 48s21.49 48 48 48 48-21.49 48-48-21.49-48-48-48zm208-208c-26.51 0-48 21.49-48 48s21.49 48 48 48 48-21.49 48-48-21.49-48-48-48zM96 256c0-26.51-21.49-48-48-48S0 229.49 0 256s21.49 48 48 48 48-21.49 48-48zm12.922 99.078c-26.51 0-48 21.49-48 48s21.49 48 48 48 48-21.49 48-48c0-26.509-21.491-48-48-48zm294.156 0c-26.51 0-48 21.49-48 48s21.49 48 48 48 48-21.49 48-48c0-26.509-21.49-48-48-48zM108.922 60.922c-26.51 0-48 21.49-48 48s21.49 48 48 48 48-21.49 48-48-21.491-48-48-48z\"><\/path><\/svg>\t\t\t<\/span>\r\n\t\t\r\n\t\t\t\t\t\t<\/div>\n\t\t\t\t<\/div>\n\t\t\t\t\t<\/div>\n\t\t\t\t<\/div>\n\t\t<div class=\"elementor-element elementor-element-c3692b5 e-flex e-con-boxed e-con e-parent\" data-id=\"c3692b5\" data-element_type=\"container\" data-e-type=\"container\" data-settings=\"{&quot;background_background&quot;:&quot;classic&quot;}\">\n\t\t\t\t\t<div class=\"e-con-inner\">\n\t\t<div class=\"elementor-element elementor-element-c23d7d5 e-con-full e-flex elementor-invisible e-con e-child\" data-id=\"c23d7d5\" data-element_type=\"container\" data-e-type=\"container\" data-settings=\"{&quot;animation&quot;:&quot;bounceInRight&quot;}\">\n\t\t\t\t<div class=\"elementor-element elementor-element-d43b95a elementor-widget__width-initial elementor-invisible elementor-widget elementor-widget-heading\" data-id=\"d43b95a\" data-element_type=\"widget\" data-e-type=\"widget\" data-settings=\"{&quot;_animation&quot;:&quot;fadeInRight&quot;}\" data-widget_type=\"heading.default\">\n\t\t\t\t<div class=\"elementor-widget-container\">\n\t\t\t\t\t<h2 class=\"elementor-heading-title elementor-size-default\">Variedad de modelos y consejos para decorar con velas ecofriendly\n<\/h2>\t\t\t\t<\/div>\n\t\t\t\t<\/div>\n\t\t\t\t<div class=\"elementor-element elementor-element-a633816 elementor-widget elementor-widget-text-editor\" data-id=\"a633816\" data-element_type=\"widget\" data-e-type=\"widget\" data-widget_type=\"text-editor.default\">\n\t\t\t\t<div class=\"elementor-widget-container\">\n\t\t\t\t\t\t\t\t\t<p>Elige entre velas esculpidas, tradicionales y minimalistas, disponibles en varios colores y tama\u00f1os. Te aconsejamos crear agrupaciones en centros de mesa, combinar varios tonos para aportar dinamismo o disponerlas en nuestros portavelas ecol\u00f3gicos para maximizar su efecto decorativo.<\/p><p>La flexibilidad y resistencia de la cera vegetal permite dar forma a originales dise\u00f1os modernos o cl\u00e1sicos, siempre manteniendo la sostenibilidad como prioridad.<\/p>\t\t\t\t\t\t\t\t<\/div>\n\t\t\t\t<\/div>\n\t\t\t\t<div class=\"elementor-element elementor-element-baec859 elementor-widget elementor-widget-button\" data-id=\"baec859\" data-element_type=\"widget\" data-e-type=\"widget\" data-widget_type=\"button.default\">\n\t\t\t\t<div class=\"elementor-widget-container\">\n\t\t\t\t\t\t\t\t\t<div class=\"elementor-button-wrapper\">\n\t\t\t\t\t<a class=\"elementor-button elementor-button-link elementor-size-sm\" href=\"https:\/\/selfcarehomedecor.com\/productos\/\">\n\t\t\t\t\t\t<span class=\"elementor-button-content-wrapper\">\n\t\t\t\t\t\t<span class=\"elementor-button-icon\">\n\t\t\t\t<i aria-hidden=\"true\" class=\"icon icon-shopping-cart-3\"><\/i>\t\t\t<\/span>\n\t\t\t\t\t\t\t\t\t<span class=\"elementor-button-text\">Comprar ahora<\/span>\n\t\t\t\t\t<\/span>\n\t\t\t\t\t<\/a>\n\t\t\t\t<\/div>\n\t\t\t\t\t\t\t\t<\/div>\n\t\t\t\t<\/div>\n\t\t\t\t<\/div>\n\t\t\t\t\t<\/div>\n\t\t\t\t<\/div>\n\t\t\t\t<\/div>\n\t\t","protected":false},"excerpt":{"rendered":"<p>Velas de t\u00e9 sostenibles para iluminar tu hogar Nuestras velas de t\u00e9 ecol\u00f3gicas son el complemento perfecto para crear ambientes c\u00e1lidos y acogedores en tu hogar. Elaboradas con ceras vegetal de soja, mechas de algod\u00f3n org\u00e1nico y envases reciclables o biodegradables, ofrecen una alternativa responsable y respetuosa con el medio ambiente frente a las velas [&hellip;]<\/p>\n","protected":false},"author":1,"featured_media":0,"parent":238,"menu_order":0,"comment_status":"closed","ping_status":"closed","template":"","meta":{"footnotes":""},"class_list":["post-672","page","type-page","status-publish","hentry"],"_links":{"self":[{"href":"https:\/\/selfcarehomedecor.com\/ca\/wp-json\/wp\/v2\/pages\/672","targetHints":{"allow":["GET"]}}],"collection":[{"href":"https:\/\/selfcarehomedecor.com\/ca\/wp-json\/wp\/v2\/pages"}],"about":[{"href":"https:\/\/selfcarehomedecor.com\/ca\/wp-json\/wp\/v2\/types\/page"}],"author":[{"embeddable":true,"href":"https:\/\/selfcarehomedecor.com\/ca\/wp-json\/wp\/v2\/users\/1"}],"replies":[{"embeddable":true,"href":"https:\/\/selfcarehomedecor.com\/ca\/wp-json\/wp\/v2\/comments?post=672"}],"version-history":[{"count":31,"href":"https:\/\/selfcarehomedecor.com\/ca\/wp-json\/wp\/v2\/pages\/672\/revisions"}],"predecessor-version":[{"id":1856,"href":"https:\/\/selfcarehomedecor.com\/ca\/wp-json\/wp\/v2\/pages\/672\/revisions\/1856"}],"up":[{"embeddable":true,"href":"https:\/\/selfcarehomedecor.com\/ca\/wp-json\/wp\/v2\/pages\/238"}],"wp:attachment":[{"href":"https:\/\/selfcarehomedecor.com\/ca\/wp-json\/wp\/v2\/media?parent=672"}],"curies":[{"name":"wp","href":"https:\/\/api.w.org\/{rel}","templated":true}]}}