{"id":244,"date":"2025-07-01T02:42:03","date_gmt":"2025-07-01T00:42:03","guid":{"rendered":"https:\/\/selfcarehomedecor.com\/?post_type=product&#038;p=244"},"modified":"2026-04-25T20:39:51","modified_gmt":"2026-04-25T18:39:51","slug":"frutos-rojos","status":"publish","type":"product","link":"https:\/\/selfcarehomedecor.com\/ca\/producte\/frutos-rojos\/","title":{"rendered":"\ud83c\udf53 Dulce de Frutos Rojos"},"content":{"rendered":"<p class=\"ng-star-inserted\"><strong class=\"ng-star-inserted\"><span class=\"ng-star-inserted\">Detalls del Producte:<\/span><\/strong><\/p>\n<ul class=\"ng-star-inserted\">\n<li class=\"ng-star-inserted\">\n<p class=\"ng-star-inserted\"><strong class=\"ng-star-inserted\"><span class=\"ng-star-inserted\">Format:<\/span><\/strong><span class=\"ng-star-inserted\">\u00a0Espelma en bol de resina ecol\u00f2gica artesanal.<\/span><\/p>\n<\/li>\n<li class=\"ng-star-inserted\">\n<p class=\"ng-star-inserted\"><strong class=\"ng-star-inserted\"><span class=\"ng-star-inserted\">Mesures:<\/span><\/strong><span class=\"ng-star-inserted\">\u00a0\u00d8 10,5 cm | Al\u00e7ada: 4,5 cm.<\/span><\/p>\n<\/li>\n<li class=\"ng-star-inserted\">\n<p class=\"ng-star-inserted\"><strong class=\"ng-star-inserted\"><span class=\"ng-star-inserted\">Pes Total:<\/span><\/strong><span class=\"ng-star-inserted\">\u00a0436 gr.<\/span><\/p>\n<\/li>\n<li class=\"ng-star-inserted\">\n<p class=\"ng-star-inserted\"><strong class=\"ng-star-inserted\"><span class=\"ng-star-inserted\">Durada:<\/span><\/strong><span class=\"ng-star-inserted\">\u00a030 hores aprox.<\/span><\/p>\n<\/li>\n<li class=\"ng-star-inserted\">\n<p class=\"ng-star-inserted\"><strong class=\"ng-star-inserted\"><span class=\"ng-star-inserted\">Material:<\/span><\/strong><span class=\"ng-star-inserted\">\u00a0Cera 100% soja i\u00a0<\/span><strong class=\"ng-star-inserted\"><span class=\"ng-star-inserted\">metxa de fusta<\/span><\/strong><span class=\"ng-star-inserted\">\u00a0(crepita suaument en cremar).<\/span><\/p>\n<\/li>\n<li class=\"ng-star-inserted\">\n<p class=\"ng-star-inserted\"><strong class=\"ng-star-inserted\"><span class=\"ng-star-inserted\">Env\u00e0s:<\/span><\/strong><span class=\"ng-star-inserted\">\u00a0Reutilitzable (un cop consumida la vela, pots netejar el bol i donar-li una segona vida).<\/span><\/p>\n<\/li>\n<\/ul>","protected":false},"excerpt":{"rendered":"<p class=\"ng-star-inserted\"><em><strong>Un aroma vibrante y afrutado que aporta energ\u00eda y dulzura al ambiente.<\/strong><\/em><\/p>\n<p class=\"ng-star-inserted\"><span class=\"ng-star-inserted\">Inunda la teva llar denergia positiva i dol\u00e7or. Aquesta espelma provoca una explosi\u00f3\u00a0<\/span><strong class=\"ng-star-inserted\"><span class=\"ng-star-inserted\">sucosa i vibrant<\/span><\/strong><span class=\"ng-star-inserted\">\u00a0de maduixes, gerds i m\u00f3res silvestres. \u00c9s una aroma espurnejant i plena de vida, que equilibra a la perfecci\u00f3 la dol\u00e7or fruitera amb notes fresques i \u00e0cides, creant una atmosfera alegre i addictiva.<\/span><\/p>\n<p class=\"ng-star-inserted\"><span class=\"ng-star-inserted\">Aquest fest\u00ed arom\u00e0tic cobra una dimensi\u00f3 acollidora gr\u00e0cies a la seva\u00a0<\/span><strong class=\"ng-star-inserted\"><span class=\"ng-star-inserted\">metxa de fusta<\/span><\/strong><span class=\"ng-star-inserted\">. Mentre l&#039;aroma revitalitza l&#039;ambient, el suau\u00a0<\/span><strong class=\"ng-star-inserted\"><span class=\"ng-star-inserted\">crepitar<\/span><\/strong><span class=\"ng-star-inserted\">\u00a0de la flama aporta un contrast relaxant i r\u00fastic. \u00c9s com gaudir de la frescor del bosc assegut al costat del foc: vitalitat per a l&#039;olfacte i calma per a l&#039;o\u00efda.<\/span><\/p>","protected":false},"featured_media":2361,"comment_status":"open","ping_status":"closed","template":"","meta":[],"product_brand":[],"product_cat":[43,32],"product_tag":[46,47],"class_list":{"0":"post-244","1":"product","2":"type-product","3":"status-publish","4":"has-post-thumbnail","6":"product_cat-vela-aromatica","7":"product_cat-velas","8":"product_tag-velas","9":"product_tag-velas-aromaticas","11":"first","12":"instock","13":"shipping-taxable","14":"purchasable","15":"product-type-simple"},"_links":{"self":[{"href":"https:\/\/selfcarehomedecor.com\/ca\/wp-json\/wp\/v2\/product\/244","targetHints":{"allow":["GET"]}}],"collection":[{"href":"https:\/\/selfcarehomedecor.com\/ca\/wp-json\/wp\/v2\/product"}],"about":[{"href":"https:\/\/selfcarehomedecor.com\/ca\/wp-json\/wp\/v2\/types\/product"}],"replies":[{"embeddable":true,"href":"https:\/\/selfcarehomedecor.com\/ca\/wp-json\/wp\/v2\/comments?post=244"}],"wp:featuredmedia":[{"embeddable":true,"href":"https:\/\/selfcarehomedecor.com\/ca\/wp-json\/wp\/v2\/media\/2361"}],"wp:attachment":[{"href":"https:\/\/selfcarehomedecor.com\/ca\/wp-json\/wp\/v2\/media?parent=244"}],"wp:term":[{"taxonomy":"product_brand","embeddable":true,"href":"https:\/\/selfcarehomedecor.com\/ca\/wp-json\/wp\/v2\/product_brand?post=244"},{"taxonomy":"product_cat","embeddable":true,"href":"https:\/\/selfcarehomedecor.com\/ca\/wp-json\/wp\/v2\/product_cat?post=244"},{"taxonomy":"product_tag","embeddable":true,"href":"https:\/\/selfcarehomedecor.com\/ca\/wp-json\/wp\/v2\/product_tag?post=244"}],"curies":[{"name":"wp","href":"https:\/\/api.w.org\/{rel}","templated":true}]}}