{"id":303,"date":"2025-07-01T03:34:39","date_gmt":"2025-07-01T01:34:39","guid":{"rendered":"https:\/\/selfcarehomedecor.com\/?post_type=product&#038;p=303"},"modified":"2026-01-05T19:06:12","modified_gmt":"2026-01-05T18:06:12","slug":"bandeja-redonda","status":"publish","type":"product","link":"https:\/\/selfcarehomedecor.com\/ca\/producte\/bandeja-redonda\/","title":{"rendered":"Safata Lluna"},"content":{"rendered":"<p><span data-sheets-root=\"1\">Pes total: 518 gr. Di\u00e0metre: 21 cm. Ample: 2,3.<\/span><\/p>\n<p><span data-sheets-root=\"1\"> Material: resina ecol\u00f2gica.<\/span><\/p>\n<p class=\"ng-star-inserted\"><strong class=\"ng-star-inserted\"><span class=\"ng-star-inserted\">\u00das i Cures:<\/span><\/strong><\/p>\n<ul class=\"ng-star-inserted\">\n<li class=\"ng-star-inserted\">\n<p class=\"ng-star-inserted\"><strong class=\"ng-star-inserted\"><span class=\"ng-star-inserted\">Neteja:<\/span><\/strong><span class=\"ng-star-inserted\">\u00a0Per mantenir el seu acabat mat impecable, neteja-la amb un\u00a0<\/span><strong class=\"ng-star-inserted\"><span class=\"ng-star-inserted\">drap suau o de microfibra<\/span><\/strong><span class=\"ng-star-inserted\">\u00a0lleugerament humit.<\/span><\/p>\n<\/li>\n<li class=\"ng-star-inserted\">\n<p class=\"ng-star-inserted\"><strong class=\"ng-star-inserted\"><span class=\"ng-star-inserted\">Precauci\u00f3:<\/span><\/strong><span class=\"ng-star-inserted\">\u00a0La resina ecol\u00f2gica \u00e9s un material por\u00f3s. Neteja qualsevol taca forta (com ara caf\u00e8, vi o maquillatge) com m\u00e9s aviat millor per evitar marques permanents. Evita objectes esmolats que puguin ratllar la superf\u00edcie.<\/span><\/p>\n<\/li>\n<\/ul>","protected":false},"excerpt":{"rendered":"<p class=\"ng-star-inserted\"><strong class=\"ng-star-inserted\"><span class=\"ng-star-inserted\">Safata Lluna: Organitzaci\u00f3 amb Estil<\/span><\/strong><\/p>\n<p class=\"ng-star-inserted\"><span class=\"ng-star-inserted\">La bellesa de la forma perfecta. Inspirada en la serenitat de la lluna plena, aquesta safata de\u00a0<\/span><strong class=\"ng-star-inserted\"><span class=\"ng-star-inserted\">21 cm de di\u00e0metre<\/span><\/strong><span class=\"ng-star-inserted\">\u00a0aporta llum i equilibri a qualsevol superf\u00edcie. \u00c9s l&#039;eina ideal per crear harmonia visual, reunint els vostres objectes favorits en un mateix \u00absat\u00e8l\u00b7lit\u00bb d&#039;ordre.<\/span><\/p>\n<p class=\"ng-star-inserted\"><span class=\"ng-star-inserted\">Gr\u00e0cies a la seva amplitud, \u00e9s\u00a0<\/span><strong class=\"ng-star-inserted\"><span class=\"ng-star-inserted\">la base ideal per a les nostres espelmes m\u00e9s voluminoses<\/span><\/strong><span class=\"ng-star-inserted\">\u00a0(com la\u00a0<\/span><span class=\"ng-star-inserted\">Nus XL<\/span><span class=\"ng-star-inserted\">) o per crear bodegons amb diversos gerros. El disseny circular i acabat mat suavitzen les l\u00ednies rectes dels teus mobles, protegint les superf\u00edcies amb eleg\u00e0ncia.<\/span><\/p>","protected":false},"featured_media":1371,"comment_status":"open","ping_status":"closed","template":"","meta":[],"product_brand":[],"product_cat":[35,31],"product_tag":[60],"class_list":{"0":"post-303","1":"product","2":"type-product","3":"status-publish","4":"has-post-thumbnail","6":"product_cat-bandeja","7":"product_cat-decoracion","8":"product_tag-decoracion","10":"first","11":"instock","12":"shipping-taxable","13":"purchasable","14":"product-type-simple"},"_links":{"self":[{"href":"https:\/\/selfcarehomedecor.com\/ca\/wp-json\/wp\/v2\/product\/303","targetHints":{"allow":["GET"]}}],"collection":[{"href":"https:\/\/selfcarehomedecor.com\/ca\/wp-json\/wp\/v2\/product"}],"about":[{"href":"https:\/\/selfcarehomedecor.com\/ca\/wp-json\/wp\/v2\/types\/product"}],"replies":[{"embeddable":true,"href":"https:\/\/selfcarehomedecor.com\/ca\/wp-json\/wp\/v2\/comments?post=303"}],"wp:featuredmedia":[{"embeddable":true,"href":"https:\/\/selfcarehomedecor.com\/ca\/wp-json\/wp\/v2\/media\/1371"}],"wp:attachment":[{"href":"https:\/\/selfcarehomedecor.com\/ca\/wp-json\/wp\/v2\/media?parent=303"}],"wp:term":[{"taxonomy":"product_brand","embeddable":true,"href":"https:\/\/selfcarehomedecor.com\/ca\/wp-json\/wp\/v2\/product_brand?post=303"},{"taxonomy":"product_cat","embeddable":true,"href":"https:\/\/selfcarehomedecor.com\/ca\/wp-json\/wp\/v2\/product_cat?post=303"},{"taxonomy":"product_tag","embeddable":true,"href":"https:\/\/selfcarehomedecor.com\/ca\/wp-json\/wp\/v2\/product_tag?post=303"}],"curies":[{"name":"wp","href":"https:\/\/api.w.org\/{rel}","templated":true}]}}