{"id":310,"date":"2025-07-01T03:39:06","date_gmt":"2025-07-01T01:39:06","guid":{"rendered":"https:\/\/selfcarehomedecor.com\/?post_type=product&#038;p=310"},"modified":"2026-03-15T16:59:35","modified_gmt":"2026-03-15T15:59:35","slug":"caja-de-cerillas","status":"publish","type":"product","link":"https:\/\/selfcarehomedecor.com\/ca\/producte\/caja-de-cerillas\/","title":{"rendered":"Caja de Cerillas para Velas"},"content":{"rendered":"<p class=\"ng-star-inserted\"><strong class=\"ng-star-inserted\"><span class=\"ng-star-inserted\">Detalls del Producte:<\/span><\/strong><\/p>\n<ul class=\"ng-star-inserted\">\n<li class=\"ng-star-inserted\">\n<p class=\"ng-star-inserted\"><strong class=\"ng-star-inserted\"><span class=\"ng-star-inserted\">Material:<\/span><\/strong><span class=\"ng-star-inserted\">\u00a0Resina ecol\u00f2gica amb detall a corda de Yute.<\/span><\/p>\n<\/li>\n<li class=\"ng-star-inserted\">\n<p class=\"ng-star-inserted\"><strong class=\"ng-star-inserted\"><span class=\"ng-star-inserted\">Dimensions:<\/span><\/strong><span class=\"ng-star-inserted\">\u00a0\u00d8 7,5 cm | Alt: 8 cm.<\/span><\/p>\n<\/li>\n<li class=\"ng-star-inserted\">\n<p class=\"ng-star-inserted\"><strong class=\"ng-star-inserted\"><span class=\"ng-star-inserted\">Pes:<\/span><\/strong><span class=\"ng-star-inserted\">\u00a0391 gr (Pe\u00e7a s\u00f2lida i estable).<\/span><\/p>\n<\/li>\n<li class=\"ng-star-inserted\">\n<p class=\"ng-star-inserted\"><strong class=\"ng-star-inserted\"><span class=\"ng-star-inserted\">Inclou:<\/span><\/strong><span class=\"ng-star-inserted\">\u00a025 llumins de fusta.<\/span><\/p>\n<\/li>\n<li class=\"ng-star-inserted\">\n<p class=\"ng-star-inserted\"><strong class=\"ng-star-inserted\"><span class=\"ng-star-inserted\">Cures:<\/span><\/strong><span class=\"ng-star-inserted\">\u00a0Netejar amb un drap sec o suaument humit.<\/span><\/p>\n<\/li>\n<\/ul>\n<p>&nbsp;<\/p>","protected":false},"excerpt":{"rendered":"<p class=\"ng-star-inserted\"><em><strong class=\"ng-star-inserted\"><span class=\"ng-star-inserted\">\u00a0El Origen del Ritual<\/span><\/strong><\/em><\/p>\n<p>El complemento perfecto para encender tus velas y crear momentos de calma y bienestar.<\/p>\n<p class=\"ng-star-inserted\"><span class=\"ng-star-inserted\">El ritual d&#039;encendre una espelma comen\u00e7a molt abans que aparegui la flama. El\u00a0<strong class=\"ng-star-inserted\">Cerillero Ignis<\/strong><b>\u00a0<\/b><\/span><span class=\"ng-star-inserted\">neix per elevar aquest petit moment, transformant una simple caixa de llumins en un objecte de disseny digne de ser exhibit.<\/span><\/p>\n<p class=\"ng-star-inserted\"><span class=\"ng-star-inserted\">Et sorprendr\u00e0 la seva solidesa: amb gaireb\u00e9\u00a0<\/span><strong class=\"ng-star-inserted\"><span class=\"ng-star-inserted\">400 grams de pes<\/span><\/strong><span class=\"ng-star-inserted\">, \u00e9s una pe\u00e7a robusta i amb pres\u00e8ncia que se sent ferma al tacte. El seu cos de resina ecol\u00f2gica mat contrasta amb la calidesa r\u00fastica de la\u00a0<\/span><strong class=\"ng-star-inserted\"><span class=\"ng-star-inserted\">corda de Yute natural<\/span><\/strong><span class=\"ng-star-inserted\">, creant un equilibri perfecte entre all\u00f2 modern i all\u00f2 artesanal.<\/span><\/p>\n<p class=\"ng-star-inserted\"><span class=\"ng-star-inserted\">Inclou un set de\u00a0<\/span><strong class=\"ng-star-inserted\"><span class=\"ng-star-inserted\">25 llumins<\/span><\/strong><span class=\"ng-star-inserted\">, llest per donar llum a casa teva.<\/span><\/p>\n<p><strong class=\"ng-star-inserted\"><span class=\"ng-star-inserted\">El Regal Perfecte:<\/span><\/strong><br class=\"ng-star-inserted\" \/><span class=\"ng-star-inserted\">Busques un detall original? El\u00a0<\/span><strong class=\"ng-star-inserted\"><span class=\"ng-star-inserted\">Cerillero Ignis<\/span><\/strong><span class=\"ng-star-inserted\">\u00a0\u00e9s el complement ideal per regalar al costat de qualsevol de les nostres espelmes. Crea un \u00abKit de Ritual\u00bb inoblidable combinant-lo amb la vela\u00a0<\/span><span class=\"ng-star-inserted\">Ignis<\/span><span class=\"ng-star-inserted\">\u00a0(si en tens alguna amb aroma a foc\/llenya) o sobre la\u00a0<\/span><strong class=\"ng-star-inserted\"><span class=\"ng-star-inserted\">Safata Ess\u00e8ncia<\/span><\/strong><span class=\"ng-star-inserted\">.<\/span><\/p>","protected":false},"featured_media":437,"comment_status":"open","ping_status":"closed","template":"","meta":[],"product_brand":[],"product_cat":[37,31],"product_tag":[60],"class_list":{"0":"post-310","1":"product","2":"type-product","3":"status-publish","4":"has-post-thumbnail","6":"product_cat-caja-de-cerillas","7":"product_cat-decoracion","8":"product_tag-decoracion","10":"first","11":"instock","12":"shipping-taxable","13":"purchasable","14":"product-type-simple"},"_links":{"self":[{"href":"https:\/\/selfcarehomedecor.com\/ca\/wp-json\/wp\/v2\/product\/310","targetHints":{"allow":["GET"]}}],"collection":[{"href":"https:\/\/selfcarehomedecor.com\/ca\/wp-json\/wp\/v2\/product"}],"about":[{"href":"https:\/\/selfcarehomedecor.com\/ca\/wp-json\/wp\/v2\/types\/product"}],"replies":[{"embeddable":true,"href":"https:\/\/selfcarehomedecor.com\/ca\/wp-json\/wp\/v2\/comments?post=310"}],"wp:featuredmedia":[{"embeddable":true,"href":"https:\/\/selfcarehomedecor.com\/ca\/wp-json\/wp\/v2\/media\/437"}],"wp:attachment":[{"href":"https:\/\/selfcarehomedecor.com\/ca\/wp-json\/wp\/v2\/media?parent=310"}],"wp:term":[{"taxonomy":"product_brand","embeddable":true,"href":"https:\/\/selfcarehomedecor.com\/ca\/wp-json\/wp\/v2\/product_brand?post=310"},{"taxonomy":"product_cat","embeddable":true,"href":"https:\/\/selfcarehomedecor.com\/ca\/wp-json\/wp\/v2\/product_cat?post=310"},{"taxonomy":"product_tag","embeddable":true,"href":"https:\/\/selfcarehomedecor.com\/ca\/wp-json\/wp\/v2\/product_tag?post=310"}],"curies":[{"name":"wp","href":"https:\/\/api.w.org\/{rel}","templated":true}]}}